{"id":291,"date":"2015-12-03T14:23:26","date_gmt":"2015-12-03T12:23:26","guid":{"rendered":"http:\/\/kansanmusiikki-instituutti.fi\/tallari\/?p=291"},"modified":"2021-02-16T10:10:49","modified_gmt":"2021-02-16T10:10:49","slug":"tyky-paiva-tallarin-kanssa","status":"publish","type":"project","link":"https:\/\/www.tallari.net\/en\/project\/tyky-paiva-tallarin-kanssa\/","title":{"rendered":"Yrityksille \/ ty\u00f6nantajille"},"content":{"rendered":"<p><strong>Tyky-p\u00e4iv\u00e4 Tallarin kanssa<\/strong><\/p>\n<p>Vie ty\u00f6ntekij\u00e4si matkalle juurille, omaan el\u00e4v\u00e4\u00e4n perinteeseemme ja musisoinnin yhteis\u00f6llisyyteen. Tyky-p\u00e4iv\u00e4ss\u00e4 Tallarin kanssa onnistutaan yhdess\u00e4, rennossa tunnelmassa! P\u00e4iv\u00e4 alkaa valinnan mukaan kaksituntisella viisikielisen kanteleen (max. 10 henke\u00e4) tai kansantanssin perusaskelien (osallistujam\u00e4\u00e4r\u00e4 k\u00e4ytett\u00e4viss\u00e4 olevan tilan mukaan) ty\u00f6pajalla. Jos ty\u00f6paikalla on runsaasti soittotaitoista porukkaa, vaihtoehtona on my\u00f6s kansanmusiikkity\u00f6paja omilla soittimilla.<\/p>\n<p>Ty\u00f6pajan p\u00e4\u00e4lle Tallarin konsertti, jossa totta kai pannaan my\u00f6s yhdess\u00e4 peliin se mit\u00e4 on ty\u00f6pajassa opittu!<\/p>\n<p><strong>R\u00e4\u00e4t\u00e4l\u00f6idyt paketit<\/strong><\/p>\n<p>Kansanlaulukaraoke tai pelimannitanssit? Tunnelmallinen joulukonsertti pikkujouluun tai perinteist\u00e4 tervetulomusiikkia? Tallari tarjoaa yrityksille sek\u00e4 sivullamme kuvattuja valmiita konserttipaketteja ett\u00e4 erikseen r\u00e4\u00e4t\u00e4l\u00f6ity\u00e4 ohjelmaa mit\u00e4 erilaisimpiin tarpeisiin. Ota rohkeasti yhteytt\u00e4, suunnitellaan tilaisuuteenne ohjelmakokonaisuus yhdess\u00e4!<\/p>","protected":false},"excerpt":{"rendered":"<p>Tyky-p\u00e4iv\u00e4 Tallarin kanssa Vie ty\u00f6ntekij\u00e4si matkalle juurille, omaan el\u00e4v\u00e4\u00e4n perinteeseemme ja musisoinnin yhteis\u00f6llisyyteen. Tyky-p\u00e4iv\u00e4ss\u00e4 Tallarin kanssa onnistutaan yhdess\u00e4, rennossa tunnelmassa! P\u00e4iv\u00e4 alkaa valinnan mukaan kaksituntisella viisikielisen kanteleen (max. 10 henke\u00e4) tai kansantanssin perusaskelien (osallistujam\u00e4\u00e4r\u00e4 k\u00e4ytett\u00e4viss\u00e4 olevan tilan mukaan) ty\u00f6pajalla. Jos ty\u00f6paikalla on runsaasti soittotaitoista porukkaa, vaihtoehtona on my\u00f6s kansanmusiikkity\u00f6paja omilla soittimilla. Ty\u00f6pajan p\u00e4\u00e4lle Tallarin konsertti, [&hellip;]<\/p>\n","protected":false},"author":1,"featured_media":456,"comment_status":"closed","ping_status":"open","template":"","meta":{"_et_pb_use_builder":"","_et_pb_old_content":"","_et_gb_content_width":"","footnotes":""},"project_category":[13],"project_tag":[],"class_list":["post-291","project","type-project","status-publish","has-post-thumbnail","hentry","project_category-ohjelmisto"],"_links":{"self":[{"href":"https:\/\/www.tallari.net\/en\/wp-json\/wp\/v2\/project\/291","targetHints":{"allow":["GET"]}}],"collection":[{"href":"https:\/\/www.tallari.net\/en\/wp-json\/wp\/v2\/project"}],"about":[{"href":"https:\/\/www.tallari.net\/en\/wp-json\/wp\/v2\/types\/project"}],"author":[{"embeddable":true,"href":"https:\/\/www.tallari.net\/en\/wp-json\/wp\/v2\/users\/1"}],"replies":[{"embeddable":true,"href":"https:\/\/www.tallari.net\/en\/wp-json\/wp\/v2\/comments?post=291"}],"version-history":[{"count":1,"href":"https:\/\/www.tallari.net\/en\/wp-json\/wp\/v2\/project\/291\/revisions"}],"predecessor-version":[{"id":723,"href":"https:\/\/www.tallari.net\/en\/wp-json\/wp\/v2\/project\/291\/revisions\/723"}],"wp:featuredmedia":[{"embeddable":true,"href":"https:\/\/www.tallari.net\/en\/wp-json\/"}],"wp:attachment":[{"href":"https:\/\/www.tallari.net\/en\/wp-json\/wp\/v2\/media?parent=291"}],"wp:term":[{"taxonomy":"project_category","embeddable":true,"href":"https:\/\/www.tallari.net\/en\/wp-json\/wp\/v2\/project_category?post=291"},{"taxonomy":"project_tag","embeddable":true,"href":"https:\/\/www.tallari.net\/en\/wp-json\/wp\/v2\/project_tag?post=291"}],"curies":[{"name":"wp","href":"https:\/\/api.w.org\/{rel}","templated":true}]}}