{"id":611,"date":"2020-04-06T15:12:59","date_gmt":"2020-04-06T12:12:59","guid":{"rendered":"https:\/\/www.tallari.net\/?p=611"},"modified":"2022-09-19T11:56:42","modified_gmt":"2022-09-19T08:56:42","slug":"tallari-ja-tove-de-fries-fanon-saarelta","status":"publish","type":"project","link":"https:\/\/www.tallari.net\/en\/project\/tallari-ja-tove-de-fries-fanon-saarelta\/","title":{"rendered":"Tallari &#038; Tove de Fries"},"content":{"rendered":"<h1 class=\"wp-block wp-block-post-title block-editor-block-list__block editor-post-title editor-post-title__input rich-text\" role=\"textbox\" contenteditable=\"true\" aria-label=\"Lis\u00e4\u00e4 otsikko\" aria-multiline=\"true\">Fan\u00f8n saarelta<\/h1>\n<p>In this concert, Tallari's guest is the violinist <strong>Tove de Fries<\/strong> from the island of Fan\u00f8, which can also be considered a kind of Danish Kaustinen. At the southern tip of the island on the west coast of the country is the village of S\u00f8nderho for about 300 people, whose musical and dance tradition has been inherited unbroken for generations.<\/p>\n<p>Growing up in Klink near Legoland, de Fries started on her musician\u2019s path by learning from her father and other fellow musicians, and since then she has studied at the Odense Academy of Folk Music, received many awards for her work as a musician and pedagogue and the title of Rigsspillemand. De Fries moved to S\u00f8nderho twenty years ago. She teaches children to play both Fan\u00f8 and other folk music and also to dance local dance, sometimes described as a mix between the polska dance and wrestling.<\/p>\n<p>The concert features Fan\u00f8's own and other Danish folk music, interpreted with ease and joy by de Fries and Tallari. It remains to be seen whether the guest will be inspired to present a sample of her dance tradition and whether someone from Tallari will be pinned down\u2026<\/p>\n<p style=\"text-align: right;\"><em>Photo: Jimmy Tr\u00e4skelin<\/em><\/p>\n<p><iframe loading=\"lazy\" src=\"https:\/\/www.youtube.com\/embed\/yvQsNvQcVdQ\" width=\"560\" height=\"315\" frameborder=\"0\" allowfullscreen=\"allowfullscreen\"><\/iframe><\/p>","protected":false},"excerpt":{"rendered":"<p>Fan\u00f8n saarelta Konsertissa Tallarin vieraana on viulisti Tove de Fries Fan\u00f8n saarelta, jota voi jonkinlaisena Tanskan Kaustisenakin pit\u00e4\u00e4. Maan l\u00e4nsirannikolla sijaitsevan saaren etel\u00e4k\u00e4rjess\u00e4 on noin 300 hengen S\u00f8nderhon kyl\u00e4, jonka musiikki- ja tanssiperinne on periytynyt katkeamatta sukupolvien ajan. Legolandin kupeessa Klinkiss\u00e4 kasvanut de Fries aloitti soittajantiens\u00e4 oppimalla is\u00e4lt\u00e4\u00e4n ja muilta pelimanneilta, sittemmin h\u00e4n on opiskellut [&hellip;]<\/p>\n","protected":false},"author":5,"featured_media":769,"comment_status":"closed","ping_status":"open","template":"","meta":{"_et_pb_use_builder":"","_et_pb_old_content":"","_et_gb_content_width":"","footnotes":""},"project_category":[13],"project_tag":[],"class_list":["post-611","project","type-project","status-publish","has-post-thumbnail","hentry","project_category-ohjelmisto"],"_links":{"self":[{"href":"https:\/\/www.tallari.net\/en\/wp-json\/wp\/v2\/project\/611","targetHints":{"allow":["GET"]}}],"collection":[{"href":"https:\/\/www.tallari.net\/en\/wp-json\/wp\/v2\/project"}],"about":[{"href":"https:\/\/www.tallari.net\/en\/wp-json\/wp\/v2\/types\/project"}],"author":[{"embeddable":true,"href":"https:\/\/www.tallari.net\/en\/wp-json\/wp\/v2\/users\/5"}],"replies":[{"embeddable":true,"href":"https:\/\/www.tallari.net\/en\/wp-json\/wp\/v2\/comments?post=611"}],"version-history":[{"count":3,"href":"https:\/\/www.tallari.net\/en\/wp-json\/wp\/v2\/project\/611\/revisions"}],"predecessor-version":[{"id":1126,"href":"https:\/\/www.tallari.net\/en\/wp-json\/wp\/v2\/project\/611\/revisions\/1126"}],"wp:featuredmedia":[{"embeddable":true,"href":"https:\/\/www.tallari.net\/en\/wp-json\/wp\/v2\/media\/769"}],"wp:attachment":[{"href":"https:\/\/www.tallari.net\/en\/wp-json\/wp\/v2\/media?parent=611"}],"wp:term":[{"taxonomy":"project_category","embeddable":true,"href":"https:\/\/www.tallari.net\/en\/wp-json\/wp\/v2\/project_category?post=611"},{"taxonomy":"project_tag","embeddable":true,"href":"https:\/\/www.tallari.net\/en\/wp-json\/wp\/v2\/project_tag?post=611"}],"curies":[{"name":"wp","href":"https:\/\/api.w.org\/{rel}","templated":true}]}}